{"id":4089,"date":"2021-10-26T14:36:00","date_gmt":"2021-10-26T12:36:00","guid":{"rendered":"https:\/\/www.teatrpiba.bzh\/project\/la-vache-et-le-pangolin\/"},"modified":"2025-03-07T12:16:28","modified_gmt":"2025-03-07T11:16:28","slug":"hentou-gwenn","status":"publish","type":"project","link":"https:\/\/www.teatrpiba.bzh\/br\/project\/hentou-gwenn\/","title":{"rendered":"Hento\u00f9 Gwenn &#8211;  2023"},"content":{"rendered":"<p>[et_pb_section fb_built=&#8221;1&#8243; fullwidth=&#8221;on&#8221; next_background_color=&#8221;#E5E5E5&#8243; admin_label=&#8221;Hero Section&#8221; _builder_version=&#8221;4.16&#8243; background_color=&#8221;#050103&#8243; parallax=&#8221;on&#8221; custom_padding=&#8221;0px|0px|0px|0px&#8221; bottom_divider_style=&#8221;slant&#8221; global_colors_info=&#8221;{}&#8221;][et_pb_fullwidth_header title=&#8221;HENTO\u00f9 gwenn&#8221; subhead=&#8221;2023&#8243; text_orientation=&#8221;right&#8221; background_overlay_color=&#8221;rgba(0,0,0,0)&#8221; image_orientation=&#8221;bottom&#8221; content_max_width=&#8221;700px&#8221; admin_label=&#8221;Hero&#8221; _builder_version=&#8221;4.27.4&#8243; title_font=&#8221;PT Sans Narrow|||on||||#ffffff|solid&#8221; title_text_align=&#8221;right&#8221; title_text_color=&#8221;#ffffff&#8221; title_font_size=&#8221;60px&#8221; title_letter_spacing=&#8221;2px&#8221; content_font=&#8221;Open Sans||||||||&#8221; content_font_size=&#8221;20px&#8221; content_line_height=&#8221;1.7em&#8221; subhead_font=&#8221;PT Sans Narrow||||||||&#8221; subhead_text_align=&#8221;right&#8221; subhead_font_size=&#8221;38px&#8221; subhead_letter_spacing=&#8221;1px&#8221; background_color=&#8221;#050101&#8243; background_image=&#8221;https:\/\/www.teatrpiba.bzh\/wp-content\/uploads\/2021\/10\/La-Vache-et-Le-Pangolin.webp&#8221; background_position=&#8221;top_left&#8221; custom_button_one=&#8221;on&#8221; button_one_border_radius=&#8221;0px&#8221; button_one_letter_spacing=&#8221;4px&#8221; button_one_font=&#8221;Oswald|on||on|&#8221; button_one_icon=&#8221;&#x24;||divi||400&#8243; button_one_icon_color=&#8221;#ffffff&#8221; custom_margin=&#8221;||0px&#8221; custom_padding=&#8221;50px||349px|||&#8221; animation_style=&#8221;fade&#8221; animation_direction=&#8221;bottom&#8221; background_last_edited=&#8221;on|phone&#8221; background_position_tablet=&#8221;center&#8221; background_position_phone=&#8221;center&#8221; button_one_text_color_hover=&#8221;#ffffff&#8221; button_one_border_color_hover=&#8221;#ffffff&#8221; button_one_border_radius_hover=&#8221;0px&#8221; button_one_letter_spacing_hover=&#8221;4px&#8221; button_one_bg_color_hover=&#8221;rgba(0,0,0,0)&#8221; global_colors_info=&#8221;{}&#8221; button_one_text_size__hover_enabled=&#8221;off&#8221; button_two_text_size__hover_enabled=&#8221;off&#8221; button_one_text_color__hover_enabled=&#8221;on&#8221; button_one_text_color__hover=&#8221;#ffffff&#8221; button_two_text_color__hover_enabled=&#8221;off&#8221; button_one_border_width__hover_enabled=&#8221;off&#8221; button_two_border_width__hover_enabled=&#8221;off&#8221; button_one_border_color__hover_enabled=&#8221;on&#8221; button_one_border_color__hover=&#8221;#ffffff&#8221; button_two_border_color__hover_enabled=&#8221;off&#8221; button_one_border_radius__hover_enabled=&#8221;on&#8221; button_one_border_radius__hover=&#8221;0px&#8221; button_two_border_radius__hover_enabled=&#8221;off&#8221; button_one_letter_spacing__hover_enabled=&#8221;on&#8221; button_one_letter_spacing__hover=&#8221;4px&#8221; button_two_letter_spacing__hover_enabled=&#8221;off&#8221; button_one_bg_color__hover_enabled=&#8221;on&#8221; button_one_bg_color__hover=&#8221;rgba(0,0,0,0)&#8221; button_two_bg_color__hover_enabled=&#8221;off&#8221;][\/et_pb_fullwidth_header][\/et_pb_section][et_pb_section fb_built=&#8221;1&#8243; _builder_version=&#8221;4.16&#8243; _module_preset=&#8221;default&#8221; background_color=&#8221;#E5E5E5&#8243; global_colors_info=&#8221;{}&#8221;][et_pb_row _builder_version=&#8221;4.27.4&#8243; _module_preset=&#8221;default&#8221; width=&#8221;56%&#8221; global_colors_info=&#8221;{}&#8221;][et_pb_column type=&#8221;4_4&#8243; _builder_version=&#8221;4.16&#8243; _module_preset=&#8221;default&#8221; global_colors_info=&#8221;{}&#8221;][et_pb_text _builder_version=&#8221;4.18.0&#8243; _module_preset=&#8221;default&#8221; text_font=&#8221;Open Sans||||||||&#8221; text_font_size=&#8221;19px&#8221; global_colors_info=&#8221;{}&#8221;]<\/p>\n<p><span style=\"color: #000000;\">.<\/span><\/p>\n<p>[\/et_pb_text][et_pb_text admin_label=&#8221;Titre \u00e9quipe artistique&#8221; _builder_version=&#8221;4.27.4&#8243; text_font=&#8221;PT Sans Narrow|700|||||||&#8221; text_text_color=&#8221;#210f0e&#8221; text_font_size=&#8221;30px&#8221; text_line_height=&#8221;1em&#8221; header_font=&#8221;||||||||&#8221; background_layout=&#8221;dark&#8221; width=&#8221;100%&#8221; custom_padding=&#8221;||10px&#8221; global_colors_info=&#8221;{}&#8221;]<\/p>\n<p>ur grouadenn liesyezhek war hento\u00f9 al laezh<\/p>\n<p>[\/et_pb_text][et_pb_image src=&#8221;https:\/\/www.teatrpiba.bzh\/wp-content\/uploads\/2023\/12\/signe_lsf.png&#8221; title_text=&#8221;signe_lsf&#8221; _builder_version=&#8221;4.27.4&#8243; _module_preset=&#8221;default&#8221; width=&#8221;16%&#8221; max_width=&#8221;100%&#8221; module_alignment=&#8221;left&#8221; global_colors_info=&#8221;{}&#8221;][\/et_pb_image][et_pb_code admin_label=&#8221;Code&#8221; _builder_version=&#8221;4.27.4&#8243; _module_preset=&#8221;default&#8221; global_colors_info=&#8221;{}&#8221;]<iframe loading=\"lazy\" width=\"560\" height=\"315\" src=\"https:\/\/www.youtube.com\/embed\/lRHMGj9o7z8?si=iPT3bK2VDp4r-klg\" title=\"YouTube video player\" frameborder=\"0\" allow=\"accelerometer; autoplay; clipboard-write; encrypted-media; gyroscope; picture-in-picture; web-share\" referrerpolicy=\"strict-origin-when-cross-origin\" allowfullscreen><\/iframe>[\/et_pb_code][et_pb_text _builder_version=&#8221;4.18.0&#8243; _module_preset=&#8221;default&#8221; text_font=&#8221;Open Sans||||||||&#8221; text_font_size=&#8221;19px&#8221; custom_padding=&#8221;22px|||||&#8221; global_colors_info=&#8221;{}&#8221;]<\/p>\n<p><span style=\"color: #000000;\"><i><b>Hento\u00f9 gwenn<\/b><\/i> a gaso ac\u2019hanomp war an hent gwall gevrinus ha nebeut anavezet, hini al laezh, evit diskoacha\u00f1 kevrino\u00f9 a chom kuzhet en dourenn-ma\u00f1, un danvez bemdeziek evit kalz ac\u2019hanomp, ha leun a souezhadenno\u00f9 koulskoude. Hag \u00abaour gwenn hor bed\u00bb a vefe al laezh neuze \u00bb ?<\/span><\/p>\n<p><span style=\"color: #000000;\"><i><b>Hento\u00f9 gwenn <\/b><\/i>un avantur liesvouezhiek a denn tro-ha-tro diouzh un enklask, un enhentadur hag ur gantreadeg. Mont a raimp war an hent eus Brest da Istanbul, eus pardon ar saout er Menez Du da dostalenno\u00f9 Menez Taurus, eus garidenno\u00f9 Mirdi an Denelezh da gavell al labour-douar en Anatolia. Ur gantreadenn vras hed-ha-hed an \u00abhento\u00f9 gwenn\u00bb, eus an istorio\u00f9 hiniennel d\u2019an hollvedel, ur veaj a gaso ac\u2019hanoc\u2019h a-dreuz keginerezh ha barzhoniezh, prederouriezh ha skianto\u00f9, dre an amzer hag an ec\u2019honder, betek ar prantad a vez graet dispac\u2019h nevez-oadvezh ar vein outa\u00f1, ar mare-se eus istor an denelezh m\u2019eo bet skoulmet ur gevrat nevez gant ar boudo\u00f9 bev.<\/span><\/p>\n<p style=\"text-align: center;\"><span style=\"color: #1e1e1e;\">___<\/span><\/p>\n<p>&nbsp;<\/p>\n<p>[\/et_pb_text][et_pb_text admin_label=&#8221;Texte mentions&#8221; _builder_version=&#8221;4.18.0&#8243; text_font=&#8221;Open Sans||||||||&#8221; text_text_color=&#8221;#EA6532&#8243; text_font_size=&#8221;17px&#8221; ul_font=&#8221;||||||||&#8221; quote_font=&#8221;||||||||&#8221; header_font=&#8221;||||||||&#8221; text_orientation=&#8221;justified&#8221; background_layout=&#8221;dark&#8221; width=&#8221;100%&#8221; custom_padding=&#8221;0px|0px|6px|0px|false|false&#8221; border_radii=&#8221;||||&#8221; border_color_top=&#8221;#ffffff&#8221; border_color_bottom=&#8221;#ffffff&#8221; global_colors_info=&#8221;{}&#8221;]<\/p>\n<p><i><span style=\"font-weight: 400;\">\u00ab N\u2019em boa ket so\u00f1jet e se morse. Un dra bennak zo em c\u2019horf a aotre ac\u2019hanon da veza\u00f1 maget gant laezh vamm ul loen n\u2019eus netra da welet ganin pe gant ma spesad. Ha leun a broteino\u00f9. Evit dont da veza\u00f1 evel ul leue advabet. Pegen iskis\u00a0eo\u00a0? Ur gevrat graet gant ar saout\u00a0? Abaoe pegeit e tenomp anezho\u00a0? Ha perak n\u2019en em gav ket an holl war an hevelep pazenn dirak al laezh\u00a0?<\/span><\/i><\/p>\n<p><i><span style=\"font-weight: 400;\">Pep goulenn a son don em c\u2019hreizon. Te\u00f1val eo ar gevrin, peseurt ster zo dezha\u00f1 sanket em spered\u00a0? Un ehan a rankan ober. Kemer a ran ur werenn, mont a ran betek ar yenerez, leunia\u00f1 a ran gant laezh. N\u2019em boa ket sellet ouzh ur werennad laezh evel-se biken. Eva\u00f1 a ran. Saourus eo al li\u00f1vel lart ha gwenn, evel ma vije gwin. Evel ma c\u2019hellje e vlaz rei\u00f1 responto\u00f9 din. Kontrol d\u2019ar gwin ne vez ket mezv ar spered gant al laezh. Neuze e lonkan. Koulskoude e ouzon e tegas ar jestr-se ouzhpenn sec\u2019hed, naon pe lipouzerezh. Disgwel a ra al liamm kre\u00f1v ha kuzh gant al loened, donezon an natur, ur seurt burzhud. Hir em eus gortozet a-raok klevet an istor a c\u2019houlennan kaout un dazlenn anezha\u00f1.\u00a0\u00bb <\/span><\/i><\/p>\n<p>&nbsp;<\/p>\n<p style=\"text-align: right;\"><strong>David Wahl\u00a0<\/strong><\/p>\n<p style=\"text-align: right;\"><strong>Ao\u00fbt 2022 <\/strong><\/p>\n<p>[\/et_pb_text][et_pb_code _builder_version=&#8221;4.27.4&#8243; _module_preset=&#8221;default&#8221; global_colors_info=&#8221;{}&#8221;]<pee><iframe loading=\"lazy\" title=\"YouTube video player\" src=\"https:\/\/www.youtube.com\/embed\/4hlKCjE3m_Y?si=igwjQg6GMXzTLd0u\" width=\"560\" height=\"315\" frameborder=\"0\" allowfullscreen=\"allowfullscreen\"><\/iframe><\/pee>[\/et_pb_code][\/et_pb_column][\/et_pb_row][\/et_pb_section][et_pb_section fb_built=&#8221;1&#8243; _builder_version=&#8221;4.16&#8243; background_color=&#8221;#ffffff&#8221; background_image=&#8221;https:\/\/www.teatrpiba.bzh\/wp-content\/uploads\/2019\/02\/symbole-vertic-opacity10_-145x725px.png&#8221; background_size=&#8221;contain&#8221; background_position=&#8221;bottom_left&#8221; custom_padding=&#8221;3%|15%|3%|15%|true|false&#8221; global_colors_info=&#8221;{}&#8221;][et_pb_row column_structure=&#8221;1_2,1_2&#8243; _builder_version=&#8221;4.16&#8243; custom_padding=&#8221;|0px|0px|0px|false|true&#8221; global_colors_info=&#8221;{}&#8221;][et_pb_column type=&#8221;1_2&#8243; _builder_version=&#8221;4.16&#8243; custom_padding=&#8221;|||&#8221; global_colors_info=&#8221;{}&#8221; custom_padding__hover=&#8221;|||&#8221;][et_pb_text admin_label=&#8221;Titre \u00e9quipe artistique&#8221; _builder_version=&#8221;4.16&#8243; text_font=&#8221;PT Sans Narrow|700|||||||&#8221; text_text_color=&#8221;#210f0e&#8221; text_font_size=&#8221;30px&#8221; text_line_height=&#8221;1em&#8221; header_font=&#8221;||||||||&#8221; background_layout=&#8221;dark&#8221; custom_padding=&#8221;||10px&#8221; global_colors_info=&#8221;{}&#8221;]<\/p>\n<p>Skipailh kroui\u00f1<\/p>\n<p>[\/et_pb_text][\/et_pb_column][et_pb_column type=&#8221;1_2&#8243; _builder_version=&#8221;4.16&#8243; custom_padding=&#8221;|||&#8221; global_colors_info=&#8221;{}&#8221; custom_padding__hover=&#8221;|||&#8221;][\/et_pb_column][\/et_pb_row][et_pb_row _builder_version=&#8221;4.16&#8243; module_alignment=&#8221;center&#8221; custom_padding=&#8221;0|0px|8.95px|0px|false|false&#8221; global_colors_info=&#8221;{}&#8221;][et_pb_column type=&#8221;4_4&#8243; _builder_version=&#8221;4.16&#8243; custom_padding=&#8221;|||&#8221; global_colors_info=&#8221;{}&#8221; custom_padding__hover=&#8221;|||&#8221;][et_pb_text admin_label=&#8221;\u00c9quipe artistique&#8221; _builder_version=&#8221;4.18.0&#8243; text_font=&#8221;Open Sans||||||||&#8221; text_text_color=&#8221;#210f0e&#8221; ul_font=&#8221;||||||||&#8221; quote_font=&#8221;||||||||&#8221; header_font=&#8221;||||||||&#8221; text_orientation=&#8221;justified&#8221; background_layout=&#8221;dark&#8221; min_height=&#8221;413px&#8221; custom_margin=&#8221;9px|||||&#8221; custom_padding=&#8221;0px|0px|6px|0px|false|false&#8221; border_radii=&#8221;||||&#8221; border_color_top=&#8221;#ffffff&#8221; border_color_bottom=&#8221;#ffffff&#8221; global_colors_info=&#8221;{}&#8221;]<\/p>\n<p><b>Rener arzel, Leurenni\u00f1 :<\/b> Thomas CLOAREC<\/p>\n<p><b>Skritur, dramaouriezh : <\/b>David WAHL<\/p>\n<p><b>Skoazell war al leurenni\u00f1, dramaouriezh : <\/b>Mai LINCOLN\u00a0<\/p>\n<p><b>C&#8217;hoari :\u00a0 <\/b>Mona CAROFF, S\u00e9bastien DURAND, Thumette LEON, Benoit PLOUZEN-MORVAN<\/p>\n<p><b>C&#8217;hoari &#8211; Jubenni\u00f1 &#8211; Skoazell war al leurenni\u00f1 &#8211; LSF : <\/b>Maelc\u2019hen LAVIEC<\/p>\n<p><b>Jubenni\u00f1 LSF : <\/b>Mathilde Le NEZET hag Interpr\u00e9tariat 22 : Amandine MONLOUIS, Fanny CH\u00c2LOT, Miriam WERNER<b><br \/><\/b><\/p>\n<p><b>Krouadenn son &amp; r\u00e9gie g\u00e9n\u00e9rale : <\/b>Gwenole PEAUDECERF<\/p>\n<p><b>Leurenn-aoza\u00f1 : <\/b>Nad\u00e8ge RENARD<\/p>\n<p><strong>Kinkladur<\/strong> : Emmanuel BOURGEAU, Ligne 21<\/p>\n<p><b>Krouadenn goulo\u00f9 : <\/b>St\u00e9phane LE BEL<\/p>\n<p><b>Trei\u00f1 azasaat e brezhoneg : <\/b>Gwenola COIC<\/p>\n<p><b>Trei\u00f1 azasaat e Yezh ar Sino\u00f9 Gall : <\/b>Langue turquoise<\/p>\n<p><b>HAnterouriezh sevenadurel hag arzel &#8211; LSF : <\/b>Laetitia MORVAN\u00a0<\/p>\n<p><b>Kehenti\u00f1 :<\/b> Aur\u00e9lie DENIEL<\/p>\n<p><b>Penn-produer : <\/b>Tony FORICHEUR<\/p>\n<p><b>Produi\u00f1 ha skigna\u00f1 :\u00a0<\/b> Marie GUETIERE<\/p>\n<p><strong>Produet gant :<\/strong> TEATR PIBA<\/p>\n<p>&nbsp;<\/p>\n<p>[\/et_pb_text][\/et_pb_column][\/et_pb_row][et_pb_row _builder_version=&#8221;4.16&#8243; custom_padding=&#8221;20px||&#8221; global_colors_info=&#8221;{}&#8221;][et_pb_column type=&#8221;4_4&#8243; _builder_version=&#8221;4.16&#8243; custom_padding=&#8221;|||&#8221; global_colors_info=&#8221;{}&#8221; custom_padding__hover=&#8221;|||&#8221;][et_pb_text admin_label=&#8221;Mentions&#8221; _builder_version=&#8221;4.16&#8243; text_font=&#8221;PT Sans Narrow|700|||||||&#8221; text_text_color=&#8221;#210f0e&#8221; text_font_size=&#8221;30px&#8221; text_line_height=&#8221;1em&#8221; header_font=&#8221;||||||||&#8221; background_layout=&#8221;dark&#8221; custom_padding=&#8221;0px||10px&#8221; border_color_top=&#8221;#ffffff&#8221; global_colors_info=&#8221;{}&#8221;]<\/p>\n<p>Menego\u00f9<\/p>\n<p>[\/et_pb_text][\/et_pb_column][\/et_pb_row][et_pb_row _builder_version=&#8221;4.22.1&#8243; module_alignment=&#8221;center&#8221; custom_padding=&#8221;0|0px|8.95px|3px|false|false&#8221; global_colors_info=&#8221;{}&#8221;][et_pb_column type=&#8221;4_4&#8243; _builder_version=&#8221;4.16&#8243; custom_padding=&#8221;|||&#8221; global_colors_info=&#8221;{}&#8221; custom_padding__hover=&#8221;|||&#8221;][et_pb_text admin_label=&#8221;Texte mentions&#8221; _builder_version=&#8221;4.22.1&#8243; text_font=&#8221;Open Sans||||||||&#8221; text_text_color=&#8221;#210f0e&#8221; ul_font=&#8221;||||||||&#8221; quote_font=&#8221;||||||||&#8221; header_font=&#8221;||||||||&#8221; text_orientation=&#8221;justified&#8221; background_layout=&#8221;dark&#8221; width=&#8221;100%&#8221; custom_padding=&#8221;0px|0px|6px|0px|false|false&#8221; border_radii=&#8221;||||&#8221; border_color_top=&#8221;#ffffff&#8221; border_color_bottom=&#8221;#ffffff&#8221; global_colors_info=&#8221;{}&#8221;]<\/p>\n<p><strong>Coproductions :<\/strong><\/p>\n<p><a href=\"https:\/\/www.lequartz.com\/\">Le Quartz \u2013 Sc\u00e8ne nationale de Brest<\/a><br \/><a href=\"https:\/\/theatrecinemachoisy.fr\/\">Th\u00e9\u00e2tre-cin\u00e9ma de Choisy-le-Roy \u2013 Sc\u00e8ne conventionn\u00e9e d\u2019int\u00e9r\u00eat national Art et cr\u00e9ation pour la diversit\u00e9 linguistique<\/a><br \/><a href=\"https:\/\/www.lamaisondutheatre.com\/\">La Maison du Th\u00e9\u00e2tre \u2013 Brest<\/a><br \/><a href=\"https:\/\/www.lestrapontin.fr\/\">Le Strapontin \u2013 Sc\u00e8ne de territoire de Bretagne pour les arts du r\u00e9cit<\/a><br \/><a href=\"https:\/\/www.cdp29.fr\/fr\/presentation-trevarez\">EPCC \u2013 Chemin du Patrimoine en Finist\u00e8re \u2013 Domaine de Tr\u00e9varez<\/a> (DRAC \u2013 Minist\u00e8re de la Culture et de la Communication : R\u00e9sidence artistique en milieu scolaire)<br \/><a href=\"https:\/\/www.atelier-culturel.fr\/\">L\u2019Atelier Culturel \u2013 Landerneau \u2013 Sc\u00e8ne de territoire des arts de la piste<\/a><\/p>\n<p><strong>Soutiens :<\/strong><\/p>\n<p><a href=\"https:\/\/www.culture.gouv.fr\/Regions\/Drac-Bretagne\">DRAC Bretagne<\/a> \u2013 aide \u00e0 la production<br \/><a href=\"https:\/\/www.bretagne.bzh\/\">R\u00e9gion Bretagne<\/a><br \/><a href=\"https:\/\/www.finistere.fr\/\">Conseil D\u00e9partemental du Finist\u00e8re<\/a><br \/><a href=\"https:\/\/brest.fr\/\">Ville de Brest<\/a><br \/><a href=\"https:\/\/www.derezo.com\/\">AGEFIPH <br \/>Avec le soutien technique de la compagnie D\u00e9r\u00e9zo<\/a><\/p>\n<p>[\/et_pb_text][\/et_pb_column][\/et_pb_row][et_pb_row _builder_version=&#8221;4.22.1&#8243; _module_preset=&#8221;default&#8221; global_colors_info=&#8221;{}&#8221;][et_pb_column type=&#8221;4_4&#8243; _builder_version=&#8221;4.22.1&#8243; _module_preset=&#8221;default&#8221; global_colors_info=&#8221;{}&#8221;][et_pb_text _builder_version=&#8221;4.27.4&#8243; _module_preset=&#8221;default&#8221; global_colors_info=&#8221;{}&#8221;]<\/p>\n<p><strong><span style=\"color: #000000;\">Deizhiado\u00f9<\/span><\/strong><\/p>\n<p>[\/et_pb_text][et_pb_text _builder_version=&#8221;4.27.4&#8243; _module_preset=&#8221;default&#8221; global_colors_info=&#8221;{}&#8221;]<\/p>\n<blockquote>\n<p><span style=\"color: #000000;\">2023<\/span><\/p>\n<\/blockquote>\n<div>\n<p style=\"margin-bottom: 0cm; line-height: 100%;\"><span style=\"font-weight: 400;\"><span style=\"color: #000000;\"><strong>22 au 25\/11\/23 <\/strong><\/span><\/span><\/p>\n<p style=\"margin-bottom: 0cm; line-height: 100%;\"><span style=\"font-weight: 400;\"><a href=\"https:\/\/lamaisondutheatre.com\/brest-finistere_la-saison_spectacles-saison_fiche_423_Hento%C3%B9+gwenn+-+Nos+voies+lact%C3%A9es.htm\">La Maison du Th\u00e9\u00e2tre de Brest<\/a> <span style=\"color: #000000;\">en co-r\u00e9alisation avec<\/span> <a href=\"https:\/\/www.lequartz.com\/Hentou-gwenn-nos-voies-lactees.html\">Le Quartz, Sc\u00e8ne Nationale de Brest<\/a> <span style=\"color: #000000;\">| Brest (29)<\/span><br \/><\/span><\/p>\n<div>\n<blockquote>\n<p><span style=\"color: #000000;\">2024<\/span><\/p>\n<\/blockquote>\n<\/div>\n<p><strong><span style=\"color: #210f0e;\">26\/01\/24<\/span><\/strong><br \/><span style=\"color: #ea6532;\"><a style=\"color: #ea6532;\" href=\"https:\/\/www.la-paillette.net\/spectacles\/nos-voies-lactees\">La Paillette<\/a><\/span><br \/><span style=\"color: #210f0e;\">RENNES (35)<\/span><\/p>\n<p><strong><span style=\"color: #210f0e;\">30\/01\/24\u00a0 <\/span><\/strong><br \/><span style=\"color: #ea6532;\"><a style=\"color: #ea6532;\" href=\"https:\/\/theatrecinemachoisy.fr\/evenements\/spectacles\/nos-voies-lactees-hentou-gwenn\">Th\u00e9\u00e2tre-Cin\u00e9ma de Choisy-le-Roi, sc\u00e8ne conventionn\u00e9e d\u2019int\u00e9r\u00eat national art et cr\u00e9ation pour la diversit\u00e9 linguistique<\/a><\/span><br \/><span style=\"color: #210f0e;\">CHOISY-LE-ROI (94)<\/span><\/p>\n<p><strong><span style=\"color: #210f0e;\">Du 01 au 03\/02\/24 \u00a0<\/span><\/strong><br \/><span style=\"color: #ea6532;\"><a style=\"color: #ea6532;\" href=\"https:\/\/ens-paris-saclay.fr\/scene-de-recherche\/hentou-gwenn-nos-voies-lactees\">Sc\u00e8ne de recherche \u2013 ENS-PARIS-SACLAY <\/a><\/span><br \/><span style=\"color: #210f0e;\">GIF-SUR-YVETTE (91)<\/span><\/p>\n<p><strong><span style=\"color: #210f0e;\">11 et 12\/04\/24\u00a0 <\/span><\/strong><br \/><span style=\"color: #ea6532;\"><a style=\"color: #ea6532;\" href=\"https:\/\/www.atelier-culturel.fr\/saison-23-24\/hentou-gwenn-nos-voies-lactees\">L\u2019Atelier Culturel<\/a><\/span><br \/><span style=\"color: #210f0e;\">LANDERNEAU (29)<\/span><\/p>\n<p><strong><span style=\"color: #210f0e;\">18\/04\/24\u00a0 <\/span><\/strong><br \/><span style=\"color: #ea6532;\"><a style=\"color: #ea6532;\" href=\"https:\/\/www.vostickets.net\/billet?ID=TRIO&amp;SPC=18996\">Le TRIO\u2026S &#8211; Th\u00e9\u00e2tre du Blavet en co-r\u00e9alisation avec Le Strapontin de Pont-Scorff<\/a><\/span><br \/><span style=\"color: #210f0e;\">INZINZAC-LOCHRIST (56)<\/span><\/p>\n<p><strong><span style=\"color: #210f0e;\">23\/05\/24\u00a0 <\/span><\/strong><br \/><span style=\"color: #210f0e;\"><a href=\"https:\/\/cara-meuh.com\/nos-voies-lactees\/\">La ferme Cara-Meuh\u00a0!<\/a> &#8211; Communaut\u00e9 d\u2019agglom\u00e9ration Mont-Saint-Michel-Normandie <\/span><br \/><span style=\"color: #210f0e;\">VAINS (50)<\/span><\/p>\n<p><strong><span style=\"color: #210f0e;\">21\/11\/24<\/span><\/strong><br \/><a href=\"https:\/\/www.arche-sillon.com\/\"><span style=\"color: #ea6532;\">Le Sillon<\/span><\/a><br \/><span style=\"color: #210f0e;\">PLEUBIAN (22)<\/span><\/p>\n<blockquote>\n<p><span style=\"color: #000000;\">2025<\/span><\/p>\n<\/blockquote>\n<p><span style=\"color: #210f0e;\"><b>28\/02\/25 et 01\/03\/25<\/b><\/span><br \/><span style=\"font-weight: 400;\"><span style=\"color: #000000;\"><a href=\"https:\/\/www.arthemuse.com\/\">Centre Culturel Arth\u00e9muse<\/a> en co-r\u00e9alisation avec <a href=\"https:\/\/www.theatre-cornouaille.fr\/\">Le Th\u00e9\u00e2tre de Cornouaille &#8211; Sc\u00e8ne nationale de Quimper<\/a><\/span><\/span><br \/><span style=\"color: #210f0e;\">BRIEC (29)<\/span><\/p>\n<p><span style=\"color: #210f0e;\"><b>28\/03\/2025<\/b><\/span><br \/><span style=\"font-weight: 400;\"><span style=\"color: #000000;\">Th\u00e9\u00e2tre <a href=\"https:\/\/www.theatreonyx.fr\/\">ONYX<\/a><\/span><\/span><br \/><span style=\"color: #210f0e;\">SAINT-HERBLAIN (44)<\/span><\/p>\n<\/div>\n<p>[\/et_pb_text][\/et_pb_column][\/et_pb_row][\/et_pb_section]<\/p>\n","protected":false},"excerpt":{"rendered":"<p>.ur grouadenn liesyezhek war hento\u00f9 al laezhHento\u00f9 gwenn a gaso ac\u2019hanomp war an hent gwall gevrinus ha nebeut anavezet, hini al laezh, evit diskoacha\u00f1 kevrino\u00f9 a chom kuzhet en dourenn-ma\u00f1, [&hellip;]<\/p>\n","protected":false},"author":4,"featured_media":7124,"comment_status":"closed","ping_status":"closed","template":"","meta":{"_et_pb_use_builder":"on","_et_pb_old_content":"","_et_gb_content_width":"","footnotes":""},"project_category":[136],"project_tag":[],"class_list":["post-4089","project","type-project","status-publish","has-post-thumbnail","hentry","project_category-creations-br"],"jetpack_sharing_enabled":true,"_links":{"self":[{"href":"https:\/\/www.teatrpiba.bzh\/br\/wp-json\/wp\/v2\/project\/4089","targetHints":{"allow":["GET"]}}],"collection":[{"href":"https:\/\/www.teatrpiba.bzh\/br\/wp-json\/wp\/v2\/project"}],"about":[{"href":"https:\/\/www.teatrpiba.bzh\/br\/wp-json\/wp\/v2\/types\/project"}],"author":[{"embeddable":true,"href":"https:\/\/www.teatrpiba.bzh\/br\/wp-json\/wp\/v2\/users\/4"}],"replies":[{"embeddable":true,"href":"https:\/\/www.teatrpiba.bzh\/br\/wp-json\/wp\/v2\/comments?post=4089"}],"version-history":[{"count":2,"href":"https:\/\/www.teatrpiba.bzh\/br\/wp-json\/wp\/v2\/project\/4089\/revisions"}],"predecessor-version":[{"id":5930,"href":"https:\/\/www.teatrpiba.bzh\/br\/wp-json\/wp\/v2\/project\/4089\/revisions\/5930"}],"wp:featuredmedia":[{"embeddable":true,"href":"https:\/\/www.teatrpiba.bzh\/br\/wp-json\/wp\/v2\/media\/7124"}],"wp:attachment":[{"href":"https:\/\/www.teatrpiba.bzh\/br\/wp-json\/wp\/v2\/media?parent=4089"}],"wp:term":[{"taxonomy":"project_category","embeddable":true,"href":"https:\/\/www.teatrpiba.bzh\/br\/wp-json\/wp\/v2\/project_category?post=4089"},{"taxonomy":"project_tag","embeddable":true,"href":"https:\/\/www.teatrpiba.bzh\/br\/wp-json\/wp\/v2\/project_tag?post=4089"}],"curies":[{"name":"wp","href":"https:\/\/api.w.org\/{rel}","templated":true}]}}